{"id":19042,"date":"2023-03-02T08:18:21","date_gmt":"2023-03-02T07:18:21","guid":{"rendered":"http:\/\/www.langueappart.fr\/calendrier\/"},"modified":"2026-02-12T17:56:17","modified_gmt":"2026-02-12T16:56:17","slug":"calendario","status":"publish","type":"page","link":"https:\/\/www.langueappart.fr\/es\/calendario\/","title":{"rendered":"Calendario\u00a0"},"content":{"rendered":"\t\t<div data-elementor-type=\"wp-post\" data-elementor-id=\"19042\" class=\"elementor elementor-19042\">\n\t\t\t\t\t\t<section class=\"elementor-section elementor-top-section elementor-element elementor-element-ddc7153 elementor-section-stretched elementor-section-boxed elementor-section-height-default elementor-section-height-default\" data-id=\"ddc7153\" data-element_type=\"section\" data-settings=\"{&quot;stretch_section&quot;:&quot;section-stretched&quot;,&quot;background_background&quot;:&quot;classic&quot;,&quot;shape_divider_bottom&quot;:&quot;tilt&quot;}\">\n\t\t\t\t\t<div class=\"elementor-shape elementor-shape-bottom\" data-negative=\"false\">\n\t\t\t<svg xmlns=\"http:\/\/www.w3.org\/2000\/svg\" viewBox=\"0 0 1000 100\" preserveAspectRatio=\"none\">\n\t<path class=\"elementor-shape-fill\" d=\"M0,6V0h1000v100L0,6z\"\/>\n<\/svg>\t\t<\/div>\n\t\t\t\t\t<div class=\"elementor-container elementor-column-gap-default\">\n\t\t\t\t\t<div class=\"elementor-column elementor-col-100 elementor-top-column elementor-element elementor-element-2e5e449\" data-id=\"2e5e449\" data-element_type=\"column\">\n\t\t\t<div class=\"elementor-widget-wrap elementor-element-populated\">\n\t\t\t\t\t\t<div class=\"elementor-element elementor-element-65a53e7 elementor-widget elementor-widget-heading\" data-id=\"65a53e7\" data-element_type=\"widget\" data-widget_type=\"heading.default\">\n\t\t\t\t<div class=\"elementor-widget-container\">\n\t\t\t<style>\/*! elementor - v3.23.0 - 05-08-2024 *\/\n.elementor-heading-title{padding:0;margin:0;line-height:1}.elementor-widget-heading .elementor-heading-title[class*=elementor-size-]>a{color:inherit;font-size:inherit;line-height:inherit}.elementor-widget-heading .elementor-heading-title.elementor-size-small{font-size:15px}.elementor-widget-heading .elementor-heading-title.elementor-size-medium{font-size:19px}.elementor-widget-heading .elementor-heading-title.elementor-size-large{font-size:29px}.elementor-widget-heading .elementor-heading-title.elementor-size-xl{font-size:39px}.elementor-widget-heading .elementor-heading-title.elementor-size-xxl{font-size:59px}<\/style><h2 class=\"elementor-heading-title elementor-size-default\">Calendario de Cursos de Franc\u00e9s en Langue Appart': Organiza tu Aprendizaje<\/h2>\t\t<\/div>\n\t\t\t\t<\/div>\n\t\t\t\t<div class=\"elementor-element elementor-element-91584d2 elementor-widget elementor-widget-text-editor\" data-id=\"91584d2\" data-element_type=\"widget\" data-widget_type=\"text-editor.default\">\n\t\t\t\t<div class=\"elementor-widget-container\">\n\t\t\t<style>\/*! elementor - v3.23.0 - 05-08-2024 *\/\n.elementor-widget-text-editor.elementor-drop-cap-view-stacked .elementor-drop-cap{background-color:#69727d;color:#fff}.elementor-widget-text-editor.elementor-drop-cap-view-framed .elementor-drop-cap{color:#69727d;border:3px solid;background-color:transparent}.elementor-widget-text-editor:not(.elementor-drop-cap-view-default) .elementor-drop-cap{margin-top:8px}.elementor-widget-text-editor:not(.elementor-drop-cap-view-default) .elementor-drop-cap-letter{width:1em;height:1em}.elementor-widget-text-editor .elementor-drop-cap{float:left;text-align:center;line-height:1;font-size:50px}.elementor-widget-text-editor .elementor-drop-cap-letter{display:inline-block}<\/style>\t\t\t\t<p>Nuestras sesiones duran 4 semanas. Puede inscribirse en varias sesiones<\/p>\t\t\t\t\t\t<\/div>\n\t\t\t\t<\/div>\n\t\t\t\t<div class=\"elementor-element elementor-element-98245e5 thim-ekits-heading-text-center elementor-widget thim-ekits-heading elementor-widget-thim-heading\" data-id=\"98245e5\" data-element_type=\"widget\" data-widget_type=\"thim-heading.default\">\n\t\t\t\t<div class=\"elementor-widget-container\">\n\t\t\t<div class=\"sc_heading text-center\"><h2 class=\"title\">2026<\/h2><span class=\"line\"><\/span><\/div>\t\t<\/div>\n\t\t\t\t<\/div>\n\t\t\t\t<div class=\"elementor-element elementor-element-3c8bfd1 elementor-widget elementor-widget-shortcode\" data-id=\"3c8bfd1\" data-element_type=\"widget\" data-widget_type=\"shortcode.default\">\n\t\t\t\t<div class=\"elementor-widget-container\">\n\t\t\t\t\t<div class=\"elementor-shortcode\">\n<table id=\"tablepress-17\" class=\"tablepress tablepress-id-17\">\n<thead>\n<tr class=\"row-1\">\n\t<th class=\"column-1\">Mes<\/th><th class=\"column-2\">Fechas<\/th><th class=\"column-3\">D\u00edas feriados<\/th><th class=\"column-4\">Las semanas Langue Appart'<\/th>\n<\/tr>\n<\/thead>\n<tbody class=\"row-striping row-hover\">\n<tr class=\"row-2\">\n\t<td class=\"column-1\">Enero 2026<\/td><td class=\"column-2\">Del 5\/01 al 29\/01<\/td><td class=\"column-3\"><\/td><td class=\"column-4\"><\/td>\n<\/tr>\n<tr class=\"row-3\">\n\t<td class=\"column-1\">Febrero 2026<\/td><td class=\"column-2\">Del 02\/02 al 26\/02<\/td><td class=\"column-3\"><\/td><td class=\"column-4\"><\/td>\n<\/tr>\n<tr class=\"row-4\">\n\t<td class=\"column-1\">Marzo 2026<\/td><td class=\"column-2\">Del 02\/03 al 26\/03<\/td><td class=\"column-3\"><\/td><td class=\"column-4\"><\/td>\n<\/tr>\n<tr class=\"row-5\">\n\t<td class=\"column-1\">Abril 2026<\/td><td class=\"column-2\">Del 30\/03 al 23\/04<\/td><td class=\"column-3\">06 de Abril<\/td><td class=\"column-4\">Semana de conversaci\u00f3n :  del 27 al 30 de Abril<\/td>\n<\/tr>\n<tr class=\"row-6\">\n\t<td class=\"column-1\">Mayo 2026<\/td><td class=\"column-2\">Del 04\/05 al 28\/05<\/td><td class=\"column-3\">1er \/ 08\/ 25 de Maio<\/td><td class=\"column-4\"><\/td>\n<\/tr>\n<tr class=\"row-7\">\n\t<td class=\"column-1\">Junio 2026<\/td><td class=\"column-2\">Del 01\/06 al 25\/06<\/td><td class=\"column-3\"><\/td><td class=\"column-4\"><\/td>\n<\/tr>\n<tr class=\"row-8\">\n\t<td class=\"column-1\">Julio 2026<\/td><td class=\"column-2\">Del 29\/06 al 23\/07<\/td><td class=\"column-3\">14 de Julio<\/td><td class=\"column-4\"><\/td>\n<\/tr>\n<tr class=\"row-9\">\n\t<td class=\"column-1\">Agosto 2026<\/td><td class=\"column-2\">Del 03\/08 al 27\/08<\/td><td class=\"column-3\"><\/td><td class=\"column-4\"><\/td>\n<\/tr>\n<tr class=\"row-10\">\n\t<td class=\"column-1\">Septiembre 2026<\/td><td class=\"column-2\">Del 07\/09 al 01\/10<\/td><td class=\"column-3\"><\/td><td class=\"column-4\">Semana de conversaci\u00f3n :  del 31 de Agosto al 04 de Septiembre<\/td>\n<\/tr>\n<tr class=\"row-11\">\n\t<td class=\"column-1\">Octubre 2026<\/td><td class=\"column-2\">Del 05\/10 al 29\/10<\/td><td class=\"column-3\"><\/td><td class=\"column-4\"><\/td>\n<\/tr>\n<tr class=\"row-12\">\n\t<td class=\"column-1\">Noviembre 2026<\/td><td class=\"column-2\">Del 02\/11 al 26\/11<\/td><td class=\"column-3\">11 de noviembre<\/td><td class=\"column-4\"><\/td>\n<\/tr>\n<tr class=\"row-13\">\n\t<td class=\"column-1\">Diciembre 2026<\/td><td class=\"column-2\">Del 30\/11 al 18\/12<\/td><td class=\"column-3\"><\/td><td class=\"column-4\"><\/td>\n<\/tr>\n<\/tbody>\n<\/table>\n<!-- #tablepress-17 from cache --><\/div>\n\t\t\t\t<\/div>\n\t\t\t\t<\/div>\n\t\t\t\t<div class=\"elementor-element elementor-element-5d77bdd elementor-widget elementor-widget-text-editor\" data-id=\"5d77bdd\" data-element_type=\"widget\" data-widget_type=\"text-editor.default\">\n\t\t\t\t<div class=\"elementor-widget-container\">\n\t\t\t\t\t\t\t<h3><strong>Para los cursos intensivos de franc\u00e9s en Par\u00eds :<\/strong><\/h3><p>Si buscas <a href=\"https:\/\/www.langueappart.fr\/es\/cursos-de-frances\/\"><strong>mejorar tu franc\u00e9s r\u00e1pidamente<\/strong><\/a>, nuestros <strong>cursos intensivos<\/strong> son la soluci\u00f3n ideal. El <strong>calendario de los cursos intensivos<\/strong> es flexible, permiti\u00e9ndote inscribirte por una duraci\u00f3n m\u00ednima de una semana. Las nuevas sesiones comienzan cada lunes, sujeto a disponibilidad en los grupos. Este formato te permite unirte a un grupo ya en curso, lo que es perfecto para los estudiantes con horarios ajustados o para aquellos que desean optimizar su estancia en <a href=\"https:\/\/es.wikipedia.org\/wiki\/Par%C3%ADs\" target=\"_blank\" rel=\"noopener\"><strong>Par\u00eds<\/strong><\/a>, Francia, concentr\u00e1ndose intensivamente en el aprendizaje del franc\u00e9s.<\/p><h3><strong>Para los cursos de franc\u00e9s vespertinos :<\/strong><\/h3><p>Para aquellos que tienen d\u00edas ocupados o prefieren aprender franc\u00e9s por la noche, nuestros <strong>cursos vespertinos<\/strong> est\u00e1n dise\u00f1ados para adaptarse a tu horario. El <strong>calendario de los cursos vespertinos<\/strong> exige una inscripci\u00f3n m\u00ednima de 4 semanas, lo que te da suficiente tiempo para sumergirte en el idioma y observar progresos concretos. Estos cursos son ideales para profesionales o estudiantes que desean mejorar su franc\u00e9s despu\u00e9s de sus actividades principales del d\u00eda.<\/p><h3><strong>Para los cursos de franc\u00e9s para principiantes completos :<\/strong><\/h3><p>Si eres totalmente nuevo en franc\u00e9s, nuestros <strong>cursos para principiantes completos<\/strong> son perfectos para ti. El <strong>calendario de estos cursos<\/strong> est\u00e1 estructurado para ofrecerte un marco de aprendizaje s\u00f3lido desde el principio. Debes inscribirte al inicio de la sesi\u00f3n para seguir el programa en el orden previsto y maximizar tus posibilidades de \u00e9xito. Para observar un progreso real, te recomendamos inscribirte por lo menos 4 semanas. Esto te dar\u00e1 tiempo para dominar las bases y empezar a sentirte m\u00e1s c\u00f3modo en franc\u00e9s.<\/p><p><em><strong>Nuestro calendario de cursos est\u00e1 dise\u00f1ado para ser flexible y adaptarse a tus necesidades individuales, ya sea que est\u00e9s en Par\u00eds por un corto per\u00edodo o que vivas en Francia a largo plazo. Langue Appart&#8217; te ofrece una variedad de formatos y duraciones de cursos para integrarse perfectamente a tu horario. Ya sea que elijas los cursos intensivos, los cursos vespertinos o los cursos para principiantes completos, encontrar\u00e1s un programa que se ajuste a tus objetivos ling\u00fc\u00edsticos.<\/strong><\/em><\/p><p><em><strong>\u00a1No dudes en consultar nuestro calendario en l\u00ednea para elegir las fechas que mejor te convengan e inscribirte ahora para comenzar tu aventura ling\u00fc\u00edstica con nosotros!<\/strong><\/em><\/p><p>\u00a0<\/p>\t\t\t\t\t\t<\/div>\n\t\t\t\t<\/div>\n\t\t\t\t\t<\/div>\n\t\t<\/div>\n\t\t\t\t\t<\/div>\n\t\t<\/section>\n\t\t\t\t<\/div>\n\t\t","protected":false},"excerpt":{"rendered":"<p>En plein centre de Paris, dans le 11\u00e8me, quartier Oberkampf<\/p>\n","protected":false},"author":1,"featured_media":0,"parent":0,"menu_order":0,"comment_status":"closed","ping_status":"closed","template":"","meta":{"_themeisle_gutenberg_block_has_review":false,"footnotes":""},"class_list":["post-19042","page","type-page","status-publish","hentry"],"_links":{"self":[{"href":"https:\/\/www.langueappart.fr\/es\/wp-json\/wp\/v2\/pages\/19042","targetHints":{"allow":["GET"]}}],"collection":[{"href":"https:\/\/www.langueappart.fr\/es\/wp-json\/wp\/v2\/pages"}],"about":[{"href":"https:\/\/www.langueappart.fr\/es\/wp-json\/wp\/v2\/types\/page"}],"author":[{"embeddable":true,"href":"https:\/\/www.langueappart.fr\/es\/wp-json\/wp\/v2\/users\/1"}],"replies":[{"embeddable":true,"href":"https:\/\/www.langueappart.fr\/es\/wp-json\/wp\/v2\/comments?post=19042"}],"version-history":[{"count":29,"href":"https:\/\/www.langueappart.fr\/es\/wp-json\/wp\/v2\/pages\/19042\/revisions"}],"predecessor-version":[{"id":21116,"href":"https:\/\/www.langueappart.fr\/es\/wp-json\/wp\/v2\/pages\/19042\/revisions\/21116"}],"wp:attachment":[{"href":"https:\/\/www.langueappart.fr\/es\/wp-json\/wp\/v2\/media?parent=19042"}],"curies":[{"name":"wp","href":"https:\/\/api.w.org\/{rel}","templated":true}]}}